{"version":"1.0","type":"rich","width":"560px","height":"140px","title":"28\/03\/2023 &#8211; Les salons de Choiseul - Apr\u00e8s plusieurs ann\u00e9es d'interruption les salons de Choiseul sont de retour avec pour th\u00e8me cette ann\u00e9e \"Le v\u00e9g\u00e9tal, un enjeu citoyen\", pour en parler nous recevons Emmanuel Gagnepain, pr\u00e9sident de l\u2019association, Marcel Bonnet, intervenant sur le green washing, et Olivier Facquet, intervenant sur Wall-E","url":"https:\/\/podcast-radiobeton.com\/28-03-2023-les-salons-de-choiseul","author_name":null,"author_url":"https:\/\/podcast-radiobeton.com","thumbnail_url":null,"html":"<iframe width=\"560px\" height=\"140px\" src=\"https:\/\/podcast-radiobeton.com\/28-03-2023-les-salons-de-choiseul?standalonePlayer\"><\/iframe>"}